{"id":84955,"date":"2026-09-03T16:57:38","date_gmt":"2026-09-03T14:57:38","guid":{"rendered":"https:\/\/www.apte.org\/?post_type=evento-de-agenda&#038;p=84955"},"modified":"2026-09-03T17:18:17","modified_gmt":"2026-09-03T15:18:17","slug":"i-congreso-joven-emegae","status":"publish","type":"evento-de-agenda","link":"https:\/\/www.apte.org\/i-congreso-joven-emegae\/","title":{"rendered":"I Congreso Joven EMEGAE"},"content":{"rendered":"<p class=\"PDq2pG_selectionAnchorContainer\" data-start=\"267\" data-end=\"431\"><span style=\"color: #005e9a;\"><strong data-start=\"267\" data-end=\"277\">Fecha:<\/strong><\/span> 18 de septiembre de 2026<br data-start=\"302\" data-end=\"305\" \/><span style=\"color: #005e9a;\"><strong data-start=\"305\" data-end=\"315\">Lugar:<\/strong> <\/span>Sal\u00f3n de Grados I (verde), Edificio de Direcci\u00f3n y Gesti\u00f3n (C1), Campus Las Lagunillas, Ja\u00e9n<br data-start=\"408\" data-end=\"411\" \/><span style=\"color: #005e9a;\"><strong data-start=\"411\" data-end=\"423\">Formato:<\/strong><\/span> H\u00edbrido<span aria-hidden=\"true\" class=\"PDq2pG_selectionAnchor\"><\/span><\/p>\n<p class=\"\" data-start=\"433\" data-end=\"661\">El <span style=\"color: #005e9a;\"><strong data-start=\"436\" data-end=\"463\">I Congreso Joven EMEGAE<\/strong><\/span>, organizado en el marco de la iniciativa estrat\u00e9gica EMEGAE (Equilibrios y Microequilibrios de G\u00e9nero en la Academia), abordar\u00e1 la construcci\u00f3n de una trayectoria acad\u00e9mica humanizada y sostenible.<\/p>\n<p data-start=\"663\" data-end=\"737\">El plazo de inscripci\u00f3n est\u00e1 abierto hasta el <span style=\"color: #005e9a;\"><strong data-start=\"709\" data-end=\"736\">7 de septiembre de 2026<\/strong>.<\/span><\/p>\n<p data-start=\"739\" data-end=\"820\"><strong data-start=\"739\" data-end=\"755\"><span style=\"color: #005e9a;\">Inscripci\u00f3n<\/span>:<\/strong> <span style=\"text-decoration: underline;\"><span style=\"color: #01a6e7; text-decoration: underline;\"><a class=\"decorated-link\" style=\"color: #01a6e7; text-decoration: underline;\" href=\"https:\/\/forms.gle\/qN6PkRmKaeApUqiM8\" target=\"_blank\" rel=\"noopener\" data-start=\"756\" data-end=\"820\">Formulario de inscripci\u00f3n<\/a><\/span><\/span><\/p>\n<p data-start=\"739\" data-end=\"820\"><span style=\"color: #005e9a;\"><strong>M\u00e1s informaci\u00f3n<\/strong><\/span>: <span style=\"color: #01a6e7;\"><a id=\"x_gmail-OWAdbe611cf-a538-0307-30a6-f19e04f24800\" class=\"x_gmail-x_OWAAutoLink\" style=\"color: #01a6e7;\" title=\"mailto:emegae@uma.es\" href=\"mailto:emegae@uma.es\" target=\"_blank\" rel=\"noopener\" data-outlook-id=\"5838b3c4-0cd6-41a8-a341-128e3b94f6ed\"><u>emegae@uma.es<\/u><\/a><\/span><\/p>\n","protected":false},"featured_media":84971,"template":"","tipo-de-evento":[747],"class_list":["post-84955","evento-de-agenda","type-evento-de-agenda","status-publish","has-post-thumbnail","hentry","tipo-de-evento-otro"],"acf":[],"yoast_head":"<!-- This site is optimized with the Yoast SEO plugin v28.4 - https:\/\/yoast.com\/product\/yoast-seo-wordpress\/ -->\n<title>I Congreso Joven EMEGAE - APTE<\/title>\n<meta name=\"robots\" content=\"index, follow, max-snippet:-1, max-image-preview:large, max-video-preview:-1\" \/>\n<link rel=\"canonical\" href=\"https:\/\/www.apte.org\/en\/i-congreso-joven-emegae\/\" \/>\n<meta property=\"og:locale\" content=\"en_US\" \/>\n<meta property=\"og:type\" content=\"article\" \/>\n<meta property=\"og:title\" content=\"I Congreso Joven EMEGAE - APTE\" \/>\n<meta property=\"og:description\" content=\"Fecha: 18 de septiembre de 2026Lugar: Sal\u00f3n de Grados I (verde), Edificio de Direcci\u00f3n y Gesti\u00f3n (C1), Campus Las Lagunillas, Ja\u00e9nFormato: H\u00edbrido El I Congreso Joven EMEGAE, organizado en el marco de la iniciativa estrat\u00e9gica EMEGAE (Equilibrios y Microequilibrios de G\u00e9nero en la Academia), abordar\u00e1 la construcci\u00f3n de una trayectoria acad\u00e9mica humanizada y sostenible. El...\" \/>\n<meta property=\"og:url\" content=\"https:\/\/www.apte.org\/i-congreso-joven-emegae\/\" \/>\n<meta property=\"og:site_name\" content=\"APTE\" \/>\n<meta property=\"article:modified_time\" content=\"2026-09-03T15:18:17+00:00\" \/>\n<meta property=\"og:image\" content=\"https:\/\/www.apte.org\/wp-content\/uploads\/2026\/09\/1783668477697.jpg\" \/>\n\t<meta property=\"og:image:width\" content=\"340\" \/>\n\t<meta property=\"og:image:height\" content=\"480\" \/>\n\t<meta property=\"og:image:type\" content=\"image\/jpeg\" \/>\n<meta name=\"twitter:card\" content=\"summary_large_image\" \/>\n<meta name=\"twitter:label1\" content=\"Est. reading time\" \/>\n\t<meta name=\"twitter:data1\" content=\"1 minute\" \/>\n<script type=\"application\/ld+json\" class=\"yoast-schema-graph\">{\"@context\":\"https:\\\/\\\/schema.org\",\"@graph\":[{\"@type\":\"WebPage\",\"@id\":\"https:\\\/\\\/www.apte.org\\\/i-congreso-joven-emegae\\\/\",\"url\":\"https:\\\/\\\/www.apte.org\\\/i-congreso-joven-emegae\\\/\",\"name\":\"I Congreso Joven EMEGAE - APTE\",\"isPartOf\":{\"@id\":\"https:\\\/\\\/www.apte.org\\\/en\\\/#website\"},\"primaryImageOfPage\":{\"@id\":\"https:\\\/\\\/www.apte.org\\\/i-congreso-joven-emegae\\\/#primaryimage\"},\"image\":{\"@id\":\"https:\\\/\\\/www.apte.org\\\/i-congreso-joven-emegae\\\/#primaryimage\"},\"thumbnailUrl\":\"https:\\\/\\\/www.apte.org\\\/wp-content\\\/uploads\\\/2026\\\/09\\\/1783668477697.jpg\",\"datePublished\":\"2026-09-03T14:57:38+00:00\",\"dateModified\":\"2026-09-03T15:18:17+00:00\",\"breadcrumb\":{\"@id\":\"https:\\\/\\\/www.apte.org\\\/i-congreso-joven-emegae\\\/#breadcrumb\"},\"inLanguage\":\"en-US\",\"potentialAction\":[{\"@type\":\"ReadAction\",\"target\":[\"https:\\\/\\\/www.apte.org\\\/i-congreso-joven-emegae\\\/\"]}]},{\"@type\":\"ImageObject\",\"inLanguage\":\"en-US\",\"@id\":\"https:\\\/\\\/www.apte.org\\\/i-congreso-joven-emegae\\\/#primaryimage\",\"url\":\"https:\\\/\\\/www.apte.org\\\/wp-content\\\/uploads\\\/2026\\\/09\\\/1783668477697.jpg\",\"contentUrl\":\"https:\\\/\\\/www.apte.org\\\/wp-content\\\/uploads\\\/2026\\\/09\\\/1783668477697.jpg\",\"width\":340,\"height\":480},{\"@type\":\"BreadcrumbList\",\"@id\":\"https:\\\/\\\/www.apte.org\\\/i-congreso-joven-emegae\\\/#breadcrumb\",\"itemListElement\":[{\"@type\":\"ListItem\",\"position\":1,\"name\":\"Portada\",\"item\":\"https:\\\/\\\/www.apte.org\\\/en\\\/\"},{\"@type\":\"ListItem\",\"position\":2,\"name\":\"I Congreso Joven EMEGAE\"}]},{\"@type\":\"WebSite\",\"@id\":\"https:\\\/\\\/www.apte.org\\\/en\\\/#website\",\"url\":\"https:\\\/\\\/www.apte.org\\\/en\\\/\",\"name\":\"APTE\",\"description\":\"\",\"potentialAction\":[{\"@type\":\"SearchAction\",\"target\":{\"@type\":\"EntryPoint\",\"urlTemplate\":\"https:\\\/\\\/www.apte.org\\\/en\\\/?s={search_term_string}\"},\"query-input\":{\"@type\":\"PropertyValueSpecification\",\"valueRequired\":true,\"valueName\":\"search_term_string\"}}],\"inLanguage\":\"en-US\"}]}<\/script>\n<!-- \/ Yoast SEO plugin. -->","yoast_head_json":{"title":"I Congreso Joven EMEGAE - APTE","robots":{"index":"index","follow":"follow","max-snippet":"max-snippet:-1","max-image-preview":"max-image-preview:large","max-video-preview":"max-video-preview:-1"},"canonical":"https:\/\/www.apte.org\/en\/i-congreso-joven-emegae\/","og_locale":"en_US","og_type":"article","og_title":"I Congreso Joven EMEGAE - APTE","og_description":"Fecha: 18 de septiembre de 2026Lugar: Sal\u00f3n de Grados I (verde), Edificio de Direcci\u00f3n y Gesti\u00f3n (C1), Campus Las Lagunillas, Ja\u00e9nFormato: H\u00edbrido El I Congreso Joven EMEGAE, organizado en el marco de la iniciativa estrat\u00e9gica EMEGAE (Equilibrios y Microequilibrios de G\u00e9nero en la Academia), abordar\u00e1 la construcci\u00f3n de una trayectoria acad\u00e9mica humanizada y sostenible. El...","og_url":"https:\/\/www.apte.org\/i-congreso-joven-emegae\/","og_site_name":"APTE","article_modified_time":"2026-09-03T15:18:17+00:00","og_image":[{"width":340,"height":480,"url":"https:\/\/www.apte.org\/wp-content\/uploads\/2026\/09\/1783668477697.jpg","type":"image\/jpeg"}],"twitter_card":"summary_large_image","twitter_misc":{"Est. reading time":"1 minute"},"schema":{"@context":"https:\/\/schema.org","@graph":[{"@type":"WebPage","@id":"https:\/\/www.apte.org\/i-congreso-joven-emegae\/","url":"https:\/\/www.apte.org\/i-congreso-joven-emegae\/","name":"I Congreso Joven EMEGAE - APTE","isPartOf":{"@id":"https:\/\/www.apte.org\/en\/#website"},"primaryImageOfPage":{"@id":"https:\/\/www.apte.org\/i-congreso-joven-emegae\/#primaryimage"},"image":{"@id":"https:\/\/www.apte.org\/i-congreso-joven-emegae\/#primaryimage"},"thumbnailUrl":"https:\/\/www.apte.org\/wp-content\/uploads\/2026\/09\/1783668477697.jpg","datePublished":"2026-09-03T14:57:38+00:00","dateModified":"2026-09-03T15:18:17+00:00","breadcrumb":{"@id":"https:\/\/www.apte.org\/i-congreso-joven-emegae\/#breadcrumb"},"inLanguage":"en-US","potentialAction":[{"@type":"ReadAction","target":["https:\/\/www.apte.org\/i-congreso-joven-emegae\/"]}]},{"@type":"ImageObject","inLanguage":"en-US","@id":"https:\/\/www.apte.org\/i-congreso-joven-emegae\/#primaryimage","url":"https:\/\/www.apte.org\/wp-content\/uploads\/2026\/09\/1783668477697.jpg","contentUrl":"https:\/\/www.apte.org\/wp-content\/uploads\/2026\/09\/1783668477697.jpg","width":340,"height":480},{"@type":"BreadcrumbList","@id":"https:\/\/www.apte.org\/i-congreso-joven-emegae\/#breadcrumb","itemListElement":[{"@type":"ListItem","position":1,"name":"Portada","item":"https:\/\/www.apte.org\/en\/"},{"@type":"ListItem","position":2,"name":"I Congreso Joven EMEGAE"}]},{"@type":"WebSite","@id":"https:\/\/www.apte.org\/en\/#website","url":"https:\/\/www.apte.org\/en\/","name":"APTE","description":"","potentialAction":[{"@type":"SearchAction","target":{"@type":"EntryPoint","urlTemplate":"https:\/\/www.apte.org\/en\/?s={search_term_string}"},"query-input":{"@type":"PropertyValueSpecification","valueRequired":true,"valueName":"search_term_string"}}],"inLanguage":"en-US"}]}},"permalink_manager":null,"_links":{"self":[{"href":"https:\/\/www.apte.org\/en\/wp-json\/wp\/v2\/evento-de-agenda\/84955","targetHints":{"allow":["GET"]}}],"collection":[{"href":"https:\/\/www.apte.org\/en\/wp-json\/wp\/v2\/evento-de-agenda"}],"about":[{"href":"https:\/\/www.apte.org\/en\/wp-json\/wp\/v2\/types\/evento-de-agenda"}],"wp:featuredmedia":[{"embeddable":true,"href":"https:\/\/www.apte.org\/en\/wp-json\/wp\/v2\/media\/84971"}],"wp:attachment":[{"href":"https:\/\/www.apte.org\/en\/wp-json\/wp\/v2\/media?parent=84955"}],"wp:term":[{"taxonomy":"tipo-de-evento","embeddable":true,"href":"https:\/\/www.apte.org\/en\/wp-json\/wp\/v2\/tipo-de-evento?post=84955"}],"curies":[{"name":"wp","href":"https:\/\/api.w.org\/{rel}","templated":true}]}}